{"id":24792,"date":"2025-08-24T13:46:12","date_gmt":"2025-08-24T11:46:12","guid":{"rendered":"https:\/\/museliving.auxodev2.dk\/?post_type=product&#038;p=24792"},"modified":"2025-08-30T17:32:41","modified_gmt":"2025-08-30T15:32:41","slug":"tuer-eiche-geraeuchert-und-rattan","status":"publish","type":"product","link":"https:\/\/museliving.auxodev2.dk\/de\/product\/tuer-eiche-geraeuchert-und-rattan\/","title":{"rendered":"T\u00fcr &#8211; Eiche Ger\u00e4uchert und Rattan"},"content":{"rendered":"<p>Einf\u00fchrung von Weinkeller-T\u00fcren. Je nach Modell sind die T\u00fcren entweder aus Rattan oder d\u00e4nischem Band geflochten, was ihnen ein originelles und stilvolles Aussehen verleiht. Der T\u00fcrrahmen besteht aus robustem Kiefern- oder Eichenholz. Dieses langlebige Design sorgt f\u00fcr ein klassisches und dauerhaftes Erscheinungsbild.<\/p>\n<p>Diese T\u00fcren sch\u00fctzen Ihren Wein vor Staub und Licht und gew\u00e4hrleisten eine langfristige Lagerung unter idealen Bedingungen. Die geflochtene Struktur sorgt f\u00fcr gute Bel\u00fcftung und bewahrt die Qualit\u00e4t des Weins. Dar\u00fcber hinaus blockieren die T\u00fcren unerw\u00fcnschte Partikel und Sonnenlicht, wodurch der Geschmack und die Qualit\u00e4t Ihres Weins erhalten bleiben.<\/p>\n<p>Sie helfen auch, eine stabile Temperatur und Luftfeuchtigkeit im Weinkeller zu erhalten, was f\u00fcr die Weinlagerung entscheidend ist. Das Hinzuf\u00fcgen von T\u00fcren zu Weinkellern verleiht ihnen ein fertiges Aussehen und macht sie zu einem praktischeren und attraktiveren Teil Ihrer Einrichtung. Dieses Zubeh\u00f6r verleiht Ihrem Weinkeller eine elegante und abgeschlossene Note und zeigt Ihre Aufmerksamkeit f\u00fcr Details und Sorgfalt bei der Pflege Ihres Weins.<\/p>\n<p>Alle unsere Weinkeller-Zubeh\u00f6rteile k\u00f6nnen personalisiert werden. Wenn Sie besondere Anforderungen haben, z\u00f6gern Sie nicht, uns zu kontaktieren: <a href=\"mailto:sales@museliving.eu\"><em><strong>sales@museliving.eu<\/strong><\/em><\/a><\/p>\n","protected":false},"excerpt":{"rendered":"<p>Einf\u00fchrung von Weinkeller-T\u00fcren. Je nach Modell sind die T\u00fcren entweder aus Rattan oder d\u00e4nischem Band geflochten, was ihnen ein originelles und stilvolles Aussehen verleiht. Der T\u00fcrrahmen besteht aus robustem Kiefern- oder Eichenholz. Dieses langlebige Design sorgt f\u00fcr ein klassisches und dauerhaftes Erscheinungsbild. Diese T\u00fcren sch\u00fctzen Ihren Wein vor Staub und Licht und gew\u00e4hrleisten eine langfristige [&hellip;]<\/p>\n","protected":false},"featured_media":23506,"template":"","meta":{"_acf_changed":false},"product_brand":[],"product_cat":[583,586],"product_tag":[],"class_list":{"0":"post-24792","1":"product","2":"type-product","3":"status-publish","4":"has-post-thumbnail","6":"product_cat-weinregale","7":"product_cat-zubehoer-weinregale","9":"first","10":"instock","11":"taxable","12":"shipping-taxable","13":"purchasable","14":"product-type-simple"},"acf":[],"yoast_head":"<!-- This site is optimized with the Yoast SEO plugin v26.9 - https:\/\/yoast.com\/product\/yoast-seo-wordpress\/ -->\n<title>T\u00fcr - Eiche Ger\u00e4uchert und Rattan - museliving.eu<\/title>\n<meta name=\"robots\" content=\"noindex, follow, max-snippet:-1, max-image-preview:large, max-video-preview:-1\" \/>\n<meta property=\"og:locale\" content=\"de_DE\" \/>\n<meta property=\"og:type\" content=\"article\" \/>\n<meta property=\"og:title\" content=\"T\u00fcr - Eiche Ger\u00e4uchert und Rattan - museliving.eu\" \/>\n<meta property=\"og:description\" content=\"Einf\u00fchrung von Weinkeller-T\u00fcren. Je nach Modell sind die T\u00fcren entweder aus Rattan oder d\u00e4nischem Band geflochten, was ihnen ein originelles und stilvolles Aussehen verleiht. Der T\u00fcrrahmen besteht aus robustem Kiefern- oder Eichenholz. Dieses langlebige Design sorgt f\u00fcr ein klassisches und dauerhaftes Erscheinungsbild. Diese T\u00fcren sch\u00fctzen Ihren Wein vor Staub und Licht und gew\u00e4hrleisten eine langfristige [&hellip;]\" \/>\n<meta property=\"og:url\" content=\"https:\/\/museliving.auxodev2.dk\/de\/product\/tuer-eiche-geraeuchert-und-rattan\/\" \/>\n<meta property=\"og:site_name\" content=\"museliving.eu\" \/>\n<meta property=\"article:modified_time\" content=\"2025-08-30T15:32:41+00:00\" \/>\n<meta property=\"og:image\" content=\"https:\/\/museliving.auxodev2.dk\/wp-content\/uploads\/Photo-coming.png\" \/>\n\t<meta property=\"og:image:width\" content=\"1200\" \/>\n\t<meta property=\"og:image:height\" content=\"1200\" \/>\n\t<meta property=\"og:image:type\" content=\"image\/png\" \/>\n<meta name=\"twitter:card\" content=\"summary_large_image\" \/>\n<meta name=\"twitter:label1\" content=\"Est. reading time\" \/>\n\t<meta name=\"twitter:data1\" content=\"1 minute\" \/>\n<script type=\"application\/ld+json\" class=\"yoast-schema-graph\">{\"@context\":\"https:\/\/schema.org\",\"@graph\":[{\"@type\":\"WebPage\",\"@id\":\"https:\/\/museliving.auxodev2.dk\/de\/product\/tuer-eiche-geraeuchert-und-rattan\/\",\"url\":\"https:\/\/museliving.auxodev2.dk\/de\/product\/tuer-eiche-geraeuchert-und-rattan\/\",\"name\":\"T\u00fcr - Eiche Ger\u00e4uchert und Rattan - museliving.eu\",\"isPartOf\":{\"@id\":\"https:\/\/museliving.auxodev2.dk\/de\/#website\"},\"primaryImageOfPage\":{\"@id\":\"https:\/\/museliving.auxodev2.dk\/de\/product\/tuer-eiche-geraeuchert-und-rattan\/#primaryimage\"},\"image\":{\"@id\":\"https:\/\/museliving.auxodev2.dk\/de\/product\/tuer-eiche-geraeuchert-und-rattan\/#primaryimage\"},\"thumbnailUrl\":\"https:\/\/museliving.auxodev2.dk\/wp-content\/uploads\/Photo-coming.png\",\"datePublished\":\"2025-08-24T11:46:12+00:00\",\"dateModified\":\"2025-08-30T15:32:41+00:00\",\"breadcrumb\":{\"@id\":\"https:\/\/museliving.auxodev2.dk\/de\/product\/tuer-eiche-geraeuchert-und-rattan\/#breadcrumb\"},\"inLanguage\":\"de-DE\",\"potentialAction\":[{\"@type\":\"ReadAction\",\"target\":[\"https:\/\/museliving.auxodev2.dk\/de\/product\/tuer-eiche-geraeuchert-und-rattan\/\"]}]},{\"@type\":\"ImageObject\",\"inLanguage\":\"de-DE\",\"@id\":\"https:\/\/museliving.auxodev2.dk\/de\/product\/tuer-eiche-geraeuchert-und-rattan\/#primaryimage\",\"url\":\"https:\/\/museliving.auxodev2.dk\/wp-content\/uploads\/Photo-coming.png\",\"contentUrl\":\"https:\/\/museliving.auxodev2.dk\/wp-content\/uploads\/Photo-coming.png\",\"width\":1200,\"height\":1200},{\"@type\":\"BreadcrumbList\",\"@id\":\"https:\/\/museliving.auxodev2.dk\/de\/product\/tuer-eiche-geraeuchert-und-rattan\/#breadcrumb\",\"itemListElement\":[{\"@type\":\"ListItem\",\"position\":1,\"name\":\"Home\",\"item\":\"https:\/\/museliving.auxodev2.dk\/de\/startseite\/\"},{\"@type\":\"ListItem\",\"position\":2,\"name\":\"Alle Produkte\",\"item\":\"https:\/\/museliving.auxodev2.dk\/products\/\"},{\"@type\":\"ListItem\",\"position\":3,\"name\":\"Weinregale\",\"item\":\"https:\/\/museliving.auxodev2.dk\/de\/category\/weinregale\/\"},{\"@type\":\"ListItem\",\"position\":4,\"name\":\"Zubeh\u00f6r\",\"item\":\"https:\/\/museliving.auxodev2.dk\/de\/category\/weinregale\/zubehoer-weinregale\/\"},{\"@type\":\"ListItem\",\"position\":5,\"name\":\"T\u00fcr &#8211; Eiche Ger\u00e4uchert und Rattan\"}]},{\"@type\":\"WebSite\",\"@id\":\"https:\/\/museliving.auxodev2.dk\/de\/#website\",\"url\":\"https:\/\/museliving.auxodev2.dk\/de\/\",\"name\":\"museliving.eu\",\"description\":\"\",\"publisher\":{\"@id\":\"https:\/\/museliving.auxodev2.dk\/de\/#organization\"},\"potentialAction\":[{\"@type\":\"SearchAction\",\"target\":{\"@type\":\"EntryPoint\",\"urlTemplate\":\"https:\/\/museliving.auxodev2.dk\/de\/?s={search_term_string}\"},\"query-input\":{\"@type\":\"PropertyValueSpecification\",\"valueRequired\":true,\"valueName\":\"search_term_string\"}}],\"inLanguage\":\"de-DE\"},{\"@type\":\"Organization\",\"@id\":\"https:\/\/museliving.auxodev2.dk\/de\/#organization\",\"name\":\"Museliving\",\"url\":\"https:\/\/museliving.auxodev2.dk\/de\/\",\"logo\":{\"@type\":\"ImageObject\",\"inLanguage\":\"de-DE\",\"@id\":\"https:\/\/museliving.auxodev2.dk\/de\/#\/schema\/logo\/image\/\",\"url\":\"https:\/\/museliving.auxodev2.dk\/wp-content\/uploads\/websted-logo.png\",\"contentUrl\":\"https:\/\/museliving.auxodev2.dk\/wp-content\/uploads\/websted-logo.png\",\"width\":350,\"height\":100,\"caption\":\"Museliving\"},\"image\":{\"@id\":\"https:\/\/museliving.auxodev2.dk\/de\/#\/schema\/logo\/image\/\"}}]}<\/script>\n<!-- \/ Yoast SEO plugin. -->","yoast_head_json":{"title":"T\u00fcr - Eiche Ger\u00e4uchert und Rattan - museliving.eu","robots":{"index":"noindex","follow":"follow","max-snippet":"max-snippet:-1","max-image-preview":"max-image-preview:large","max-video-preview":"max-video-preview:-1"},"og_locale":"de_DE","og_type":"article","og_title":"T\u00fcr - Eiche Ger\u00e4uchert und Rattan - museliving.eu","og_description":"Einf\u00fchrung von Weinkeller-T\u00fcren. Je nach Modell sind die T\u00fcren entweder aus Rattan oder d\u00e4nischem Band geflochten, was ihnen ein originelles und stilvolles Aussehen verleiht. Der T\u00fcrrahmen besteht aus robustem Kiefern- oder Eichenholz. Dieses langlebige Design sorgt f\u00fcr ein klassisches und dauerhaftes Erscheinungsbild. Diese T\u00fcren sch\u00fctzen Ihren Wein vor Staub und Licht und gew\u00e4hrleisten eine langfristige [&hellip;]","og_url":"https:\/\/museliving.auxodev2.dk\/de\/product\/tuer-eiche-geraeuchert-und-rattan\/","og_site_name":"museliving.eu","article_modified_time":"2025-08-30T15:32:41+00:00","og_image":[{"width":1200,"height":1200,"url":"https:\/\/museliving.auxodev2.dk\/wp-content\/uploads\/Photo-coming.png","type":"image\/png"}],"twitter_card":"summary_large_image","twitter_misc":{"Est. reading time":"1 minute"},"schema":{"@context":"https:\/\/schema.org","@graph":[{"@type":"WebPage","@id":"https:\/\/museliving.auxodev2.dk\/de\/product\/tuer-eiche-geraeuchert-und-rattan\/","url":"https:\/\/museliving.auxodev2.dk\/de\/product\/tuer-eiche-geraeuchert-und-rattan\/","name":"T\u00fcr - Eiche Ger\u00e4uchert und Rattan - museliving.eu","isPartOf":{"@id":"https:\/\/museliving.auxodev2.dk\/de\/#website"},"primaryImageOfPage":{"@id":"https:\/\/museliving.auxodev2.dk\/de\/product\/tuer-eiche-geraeuchert-und-rattan\/#primaryimage"},"image":{"@id":"https:\/\/museliving.auxodev2.dk\/de\/product\/tuer-eiche-geraeuchert-und-rattan\/#primaryimage"},"thumbnailUrl":"https:\/\/museliving.auxodev2.dk\/wp-content\/uploads\/Photo-coming.png","datePublished":"2025-08-24T11:46:12+00:00","dateModified":"2025-08-30T15:32:41+00:00","breadcrumb":{"@id":"https:\/\/museliving.auxodev2.dk\/de\/product\/tuer-eiche-geraeuchert-und-rattan\/#breadcrumb"},"inLanguage":"de-DE","potentialAction":[{"@type":"ReadAction","target":["https:\/\/museliving.auxodev2.dk\/de\/product\/tuer-eiche-geraeuchert-und-rattan\/"]}]},{"@type":"ImageObject","inLanguage":"de-DE","@id":"https:\/\/museliving.auxodev2.dk\/de\/product\/tuer-eiche-geraeuchert-und-rattan\/#primaryimage","url":"https:\/\/museliving.auxodev2.dk\/wp-content\/uploads\/Photo-coming.png","contentUrl":"https:\/\/museliving.auxodev2.dk\/wp-content\/uploads\/Photo-coming.png","width":1200,"height":1200},{"@type":"BreadcrumbList","@id":"https:\/\/museliving.auxodev2.dk\/de\/product\/tuer-eiche-geraeuchert-und-rattan\/#breadcrumb","itemListElement":[{"@type":"ListItem","position":1,"name":"Home","item":"https:\/\/museliving.auxodev2.dk\/de\/startseite\/"},{"@type":"ListItem","position":2,"name":"Alle Produkte","item":"https:\/\/museliving.auxodev2.dk\/products\/"},{"@type":"ListItem","position":3,"name":"Weinregale","item":"https:\/\/museliving.auxodev2.dk\/de\/category\/weinregale\/"},{"@type":"ListItem","position":4,"name":"Zubeh\u00f6r","item":"https:\/\/museliving.auxodev2.dk\/de\/category\/weinregale\/zubehoer-weinregale\/"},{"@type":"ListItem","position":5,"name":"T\u00fcr &#8211; Eiche Ger\u00e4uchert und Rattan"}]},{"@type":"WebSite","@id":"https:\/\/museliving.auxodev2.dk\/de\/#website","url":"https:\/\/museliving.auxodev2.dk\/de\/","name":"museliving.eu","description":"","publisher":{"@id":"https:\/\/museliving.auxodev2.dk\/de\/#organization"},"potentialAction":[{"@type":"SearchAction","target":{"@type":"EntryPoint","urlTemplate":"https:\/\/museliving.auxodev2.dk\/de\/?s={search_term_string}"},"query-input":{"@type":"PropertyValueSpecification","valueRequired":true,"valueName":"search_term_string"}}],"inLanguage":"de-DE"},{"@type":"Organization","@id":"https:\/\/museliving.auxodev2.dk\/de\/#organization","name":"Museliving","url":"https:\/\/museliving.auxodev2.dk\/de\/","logo":{"@type":"ImageObject","inLanguage":"de-DE","@id":"https:\/\/museliving.auxodev2.dk\/de\/#\/schema\/logo\/image\/","url":"https:\/\/museliving.auxodev2.dk\/wp-content\/uploads\/websted-logo.png","contentUrl":"https:\/\/museliving.auxodev2.dk\/wp-content\/uploads\/websted-logo.png","width":350,"height":100,"caption":"Museliving"},"image":{"@id":"https:\/\/museliving.auxodev2.dk\/de\/#\/schema\/logo\/image\/"}}]}},"_links":{"self":[{"href":"https:\/\/museliving.auxodev2.dk\/de\/wp-json\/wp\/v2\/product\/24792","targetHints":{"allow":["GET"]}}],"collection":[{"href":"https:\/\/museliving.auxodev2.dk\/de\/wp-json\/wp\/v2\/product"}],"about":[{"href":"https:\/\/museliving.auxodev2.dk\/de\/wp-json\/wp\/v2\/types\/product"}],"version-history":[{"count":3,"href":"https:\/\/museliving.auxodev2.dk\/de\/wp-json\/wp\/v2\/product\/24792\/revisions"}],"predecessor-version":[{"id":25078,"href":"https:\/\/museliving.auxodev2.dk\/de\/wp-json\/wp\/v2\/product\/24792\/revisions\/25078"}],"wp:featuredmedia":[{"embeddable":true,"href":"https:\/\/museliving.auxodev2.dk\/de\/wp-json\/wp\/v2\/media\/23506"}],"wp:attachment":[{"href":"https:\/\/museliving.auxodev2.dk\/de\/wp-json\/wp\/v2\/media?parent=24792"}],"wp:term":[{"taxonomy":"product_brand","embeddable":true,"href":"https:\/\/museliving.auxodev2.dk\/de\/wp-json\/wp\/v2\/product_brand?post=24792"},{"taxonomy":"product_cat","embeddable":true,"href":"https:\/\/museliving.auxodev2.dk\/de\/wp-json\/wp\/v2\/product_cat?post=24792"},{"taxonomy":"product_tag","embeddable":true,"href":"https:\/\/museliving.auxodev2.dk\/de\/wp-json\/wp\/v2\/product_tag?post=24792"}],"curies":[{"name":"wp","href":"https:\/\/api.w.org\/{rel}","templated":true}]}}